{"id":9538,"date":"2021-10-13T10:39:38","date_gmt":"2021-10-13T08:39:38","guid":{"rendered":"https:\/\/www.medicalz.com\/faja-de-maternidad\/"},"modified":"2022-05-11T10:18:20","modified_gmt":"2022-05-11T08:18:20","slug":"faja-de-maternidad","status":"publish","type":"page","link":"https:\/\/www.medicalz.com\/es\/faja-de-maternidad\/","title":{"rendered":"FAJA DE MATERNIDAD"},"content":{"rendered":"<p>[et_pb_section fb_built=\u00bb1&#8243; _builder_version=\u00bb4.16&#8243; _module_preset=\u00bbdefault\u00bb background_color=\u00bbrgba(255,255,255,0.56)\u00bb background_image=\u00bbhttps:\/\/www.medicalz.com\/wp-content\/uploads\/2021\/08\/S031.png\u00bb background_blend=\u00bbsoft-light\u00bb global_colors_info=\u00bb{}\u00bb][et_pb_row _builder_version=\u00bb4.16&#8243; _module_preset=\u00bbdefault\u00bb background_color=\u00bb#FFFFFF\u00bb custom_padding=\u00bb13px|10px|10px|10px|false|false\u00bb global_colors_info=\u00bb{}\u00bb][et_pb_column type=\u00bb4_4&#8243; _builder_version=\u00bb4.16&#8243; _module_preset=\u00bbdefault\u00bb global_colors_info=\u00bb{}\u00bb][et_pb_text _builder_version=\u00bb4.16&#8243; _module_preset=\u00bbdefault\u00bb global_colors_info=\u00bb{}\u00bb]<\/p>\n<h2 class=\"text-uppercase text-blue mtop0 mbot30 titre-bandeau\">FAJA DE MATERNIDAD<\/h2>\n<p>[\/et_pb_text][et_pb_divider module_class=\u00bbseparateur\u00bb _builder_version=\u00bb4.16&#8243; _module_preset=\u00bbdefault\u00bb global_colors_info=\u00bb{}\u00bb][\/et_pb_divider][et_pb_text _builder_version=\u00bb4.16&#8243; _module_preset=\u00bbdefault\u00bb custom_margin=\u00bb||||false|false\u00bb custom_padding=\u00bb0px|20px||20px|false|false\u00bb global_colors_info=\u00bb{}\u00bb]<\/p>\n<h2 style=\"text-align: center;\"><span style=\"color: #178fcf;\">ELECCION DE TU TALLA<\/span><\/h2>\n<h4><\/h4>\n<h4>Los tama\u00f1os indicados en nuestros folletos corresponden a las medidas de la paciente al comienzo del segundo trimestre. Para realizar el pedido del tama\u00f1o correcto, mida la circunferencia de la pelvis (la parte m\u00e1s ancha de los gl\u00fateos).<\/h4>\n<p>&nbsp;<\/p>\n<table style=\"border-collapse: collapse; width: 100%;\" border=\"1\">\n<tbody>\n<tr>\n<td style=\"width: 50%; text-align: center;\"><strong>Tama\u00f1o<\/strong><\/td>\n<td style=\"width: 50%; text-align: center;\"><strong>Cuenca (cm)<\/strong><\/td>\n<\/tr>\n<tr>\n<td style=\"width: 50%; text-align: center;\">1<\/td>\n<td style=\"width: 50%; text-align: center;\">88 &#8211; 97<\/td>\n<\/tr>\n<tr>\n<td style=\"width: 50%; text-align: center;\">2<\/td>\n<td style=\"width: 50%; text-align: center;\">97 &#8211; 105<\/td>\n<\/tr>\n<tr>\n<td style=\"width: 50%; text-align: center;\">3<\/td>\n<td style=\"width: 50%; text-align: center;\">105 &#8211; 119<\/td>\n<\/tr>\n<tr>\n<td style=\"width: 50%; text-align: center;\">4<\/td>\n<td style=\"width: 50%; text-align: center;\">119 &#8211; 130<\/td>\n<\/tr>\n<\/tbody>\n<\/table>\n<p>Tenga cuidado al ajustar la faja de soporte abdominal. La presi\u00f3n aplicada necesita ser la suficiente pero no debe reducir los movimientos musculares abdominales (en condiciones normales la presi\u00f3n debe ser entre 17 y 20 mm Hg). Seg\u00fan progresa el embarazo, se recomienda reducir la presi\u00f3n de la faja de soporte abdominal todos los meses, moviendo el gancho y los orificios a un rango m\u00e1s bajo.<br \/>Si usted tiene una paciente que no est\u00e1 comprendida en las medidas enumeradas arriba o tiene requerimientos especiales, puede realizar el pedido de una faja de maternidad hecha a medida.<br \/><strong>Si tiene alguna pregunta o inquietud, no dude en llamarnos en forma gratuita al 1-800-368-7478.<\/strong><span style=\"font-size: 14px;\">\u00a0<\/span><\/p>\n<p>&nbsp;<\/p>\n<p>[\/et_pb_text][\/et_pb_column][\/et_pb_row][et_pb_row _builder_version=\u00bb4.17.3&#8243; _module_preset=\u00bbdefault\u00bb column_structure=\u00bb2_5,3_5&#8243; background_color=\u00bb#FFFFFF\u00bb hover_enabled=\u00bb0&#8243; sticky_enabled=\u00bb0&#8243;][et_pb_column _builder_version=\u00bb4.17.3&#8243; _module_preset=\u00bbdefault\u00bb type=\u00bb2_5&#8243;][et_pb_image src=\u00bbhttps:\/\/www.medicalz.com\/wp-content\/uploads\/2022\/05\/S031_noir_BD.png\u00bb _builder_version=\u00bb4.17.3&#8243; _module_preset=\u00bbdefault\u00bb title_text=\u00bbS031_noir_BD\u00bb hover_enabled=\u00bb0&#8243; sticky_enabled=\u00bb0&#8243;][\/et_pb_image][\/et_pb_column][et_pb_column _builder_version=\u00bb4.17.3&#8243; _module_preset=\u00bbdefault\u00bb type=\u00bb3_5&#8243;][et_pb_text _builder_version=\u00bb4.17.3&#8243; _module_preset=\u00bbdefault\u00bb hover_enabled=\u00bb0&#8243; sticky_enabled=\u00bb0&#8243;]<\/p>\n<h3><span style=\"color: #178fcf;\"><strong>CUIDADO<\/strong><\/span><\/h3>\n<ul>\n<li><strong>Nuestra tela se utiliza en varias aplicaciones en el campo de la terapia de la compresi\u00f3n (como las prendas hechas a medida para pacientes con quemaduras y de compresi\u00f3n para cirug\u00eda pl\u00e1stica).<\/strong><br \/><strong>Se ha evaluado su :<\/strong>\n<ul>\n<li>elasticidad<\/li>\n<li>p\u00e9rdida del color<\/li>\n<li>uso y desgaste<\/li>\n<\/ul>\n<p><strong>Para preservar todas las cualidades de su faja, le recomendamos LAVARLA A MANO en agua fr\u00eda, usando un jab\u00f3n libre de fosfato y DEJARLA SECAR AL AIRE. No lavar ni secar a m\u00e1quina. No utilizar blanqueadores ni<\/strong><\/p>\n<\/li>\n<\/ul>\n<p>[\/et_pb_text][\/et_pb_column][\/et_pb_row][et_pb_row _builder_version=\u00bb4.16&#8243; _module_preset=\u00bbdefault\u00bb background_color=\u00bb#FFFFFF\u00bb global_colors_info=\u00bb{}\u00bb][et_pb_column type=\u00bb4_4&#8243; _builder_version=\u00bb4.16&#8243; _module_preset=\u00bbdefault\u00bb global_colors_info=\u00bb{}\u00bb][et_pb_button button_url=\u00bbhttps:\/\/www.medicalz.com\/es\/produits\/faja-de-maternidad\/\u00bb url_new_window=\u00bbon\u00bb button_text=\u00bbPor qu\u00e9 usar un cintur\u00f3n para embarazadas\u00bb button_alignment=\u00bbcenter\u00bb _builder_version=\u00bb4.16&#8243; _module_preset=\u00bbdefault\u00bb global_colors_info=\u00bb{}\u00bb][\/et_pb_button][\/et_pb_column][\/et_pb_row][\/et_pb_section]<\/p>\n","protected":false},"excerpt":{"rendered":"<p>FAJA DE MATERNIDADELECCION DE TU TALLA Los tama\u00f1os indicados en nuestros folletos corresponden a las medidas de la paciente al comienzo del segundo trimestre. Para realizar el pedido del tama\u00f1o correcto, mida la circunferencia de la pelvis (la parte m\u00e1s ancha de los gl\u00fateos). &nbsp; Tama\u00f1o Cuenca (cm) 1 88 &#8211; 97 2 97 &#8211; [&hellip;]<\/p>\n","protected":false},"author":4,"featured_media":0,"parent":0,"menu_order":0,"comment_status":"closed","ping_status":"closed","template":"","meta":{"_et_pb_use_builder":"on","_et_pb_old_content":"","_et_gb_content_width":"","footnotes":""},"class_list":["post-9538","page","type-page","status-publish","hentry"],"yoast_head":"<!-- This site is optimized with the Yoast SEO plugin v25.1 - https:\/\/yoast.com\/wordpress\/plugins\/seo\/ -->\n<title>FAJA DE MATERNIDAD &#8226; Medical Z<\/title>\n<meta name=\"robots\" content=\"index, follow, max-snippet:-1, max-image-preview:large, max-video-preview:-1\" \/>\n<link rel=\"canonical\" href=\"https:\/\/www.medicalz.com\/es\/faja-de-maternidad\/\" \/>\n<meta property=\"og:locale\" content=\"es_ES\" \/>\n<meta property=\"og:type\" content=\"article\" \/>\n<meta property=\"og:title\" content=\"FAJA DE MATERNIDAD &#8226; Medical Z\" \/>\n<meta property=\"og:description\" content=\"FAJA DE MATERNIDADELECCION DE TU TALLA Los tama\u00f1os indicados en nuestros folletos corresponden a las medidas de la paciente al comienzo del segundo trimestre. Para realizar el pedido del tama\u00f1o correcto, mida la circunferencia de la pelvis (la parte m\u00e1s ancha de los gl\u00fateos). &nbsp; Tama\u00f1o Cuenca (cm) 1 88 - 97 2 97 - [&hellip;]\" \/>\n<meta property=\"og:url\" content=\"https:\/\/www.medicalz.com\/es\/faja-de-maternidad\/\" \/>\n<meta property=\"og:site_name\" content=\"Medical Z\" \/>\n<meta property=\"article:publisher\" content=\"https:\/\/www.facebook.com\/MedicalZFrance\/\" \/>\n<meta property=\"article:modified_time\" content=\"2022-05-11T08:18:20+00:00\" \/>\n<script type=\"application\/ld+json\" class=\"yoast-schema-graph\">{\"@context\":\"https:\/\/schema.org\",\"@graph\":[{\"@type\":\"WebPage\",\"@id\":\"https:\/\/www.medicalz.com\/es\/faja-de-maternidad\/\",\"url\":\"https:\/\/www.medicalz.com\/es\/faja-de-maternidad\/\",\"name\":\"FAJA DE MATERNIDAD &#8226; Medical Z\",\"isPartOf\":{\"@id\":\"https:\/\/www.medicalz.com\/es\/#website\"},\"datePublished\":\"2021-10-13T08:39:38+00:00\",\"dateModified\":\"2022-05-11T08:18:20+00:00\",\"breadcrumb\":{\"@id\":\"https:\/\/www.medicalz.com\/es\/faja-de-maternidad\/#breadcrumb\"},\"inLanguage\":\"es\",\"potentialAction\":[{\"@type\":\"ReadAction\",\"target\":[\"https:\/\/www.medicalz.com\/es\/faja-de-maternidad\/\"]}]},{\"@type\":\"BreadcrumbList\",\"@id\":\"https:\/\/www.medicalz.com\/es\/faja-de-maternidad\/#breadcrumb\",\"itemListElement\":[{\"@type\":\"ListItem\",\"position\":1,\"name\":\"Principal\",\"item\":\"https:\/\/www.medicalz.com\/es\/accueil\/\"},{\"@type\":\"ListItem\",\"position\":2,\"name\":\"FAJA DE MATERNIDAD\"}]},{\"@type\":\"WebSite\",\"@id\":\"https:\/\/www.medicalz.com\/es\/#website\",\"url\":\"https:\/\/www.medicalz.com\/es\/\",\"name\":\"Medical Z\",\"description\":\"Cr\u00e9ateur FRAN\u00c7AIS de v\u00eatements compressifs depuis 1981\",\"publisher\":{\"@id\":\"https:\/\/www.medicalz.com\/es\/#organization\"},\"potentialAction\":[{\"@type\":\"SearchAction\",\"target\":{\"@type\":\"EntryPoint\",\"urlTemplate\":\"https:\/\/www.medicalz.com\/es\/?s={search_term_string}\"},\"query-input\":{\"@type\":\"PropertyValueSpecification\",\"valueRequired\":true,\"valueName\":\"search_term_string\"}}],\"inLanguage\":\"es\"},{\"@type\":\"Organization\",\"@id\":\"https:\/\/www.medicalz.com\/es\/#organization\",\"name\":\"MedicalZ\",\"url\":\"https:\/\/www.medicalz.com\/es\/\",\"logo\":{\"@type\":\"ImageObject\",\"inLanguage\":\"es\",\"@id\":\"https:\/\/www.medicalz.com\/es\/#\/schema\/logo\/image\/\",\"url\":\"https:\/\/www.medicalz.com\/wp-content\/uploads\/2021\/06\/logo-1.png\",\"contentUrl\":\"https:\/\/www.medicalz.com\/wp-content\/uploads\/2021\/06\/logo-1.png\",\"width\":400,\"height\":227,\"caption\":\"MedicalZ\"},\"image\":{\"@id\":\"https:\/\/www.medicalz.com\/es\/#\/schema\/logo\/image\/\"},\"sameAs\":[\"https:\/\/www.facebook.com\/MedicalZFrance\/\",\"https:\/\/www.instagram.com\/medicalz_fr\/?hl=fr\",\"https:\/\/www.youtube.com\/channel\/UC7rGbkWBc15cA4pbHS99Vbg\"]}]}<\/script>\n<!-- \/ Yoast SEO plugin. -->","yoast_head_json":{"title":"FAJA DE MATERNIDAD &#8226; Medical Z","robots":{"index":"index","follow":"follow","max-snippet":"max-snippet:-1","max-image-preview":"max-image-preview:large","max-video-preview":"max-video-preview:-1"},"canonical":"https:\/\/www.medicalz.com\/es\/faja-de-maternidad\/","og_locale":"es_ES","og_type":"article","og_title":"FAJA DE MATERNIDAD &#8226; Medical Z","og_description":"FAJA DE MATERNIDADELECCION DE TU TALLA Los tama\u00f1os indicados en nuestros folletos corresponden a las medidas de la paciente al comienzo del segundo trimestre. Para realizar el pedido del tama\u00f1o correcto, mida la circunferencia de la pelvis (la parte m\u00e1s ancha de los gl\u00fateos). &nbsp; Tama\u00f1o Cuenca (cm) 1 88 - 97 2 97 - [&hellip;]","og_url":"https:\/\/www.medicalz.com\/es\/faja-de-maternidad\/","og_site_name":"Medical Z","article_publisher":"https:\/\/www.facebook.com\/MedicalZFrance\/","article_modified_time":"2022-05-11T08:18:20+00:00","schema":{"@context":"https:\/\/schema.org","@graph":[{"@type":"WebPage","@id":"https:\/\/www.medicalz.com\/es\/faja-de-maternidad\/","url":"https:\/\/www.medicalz.com\/es\/faja-de-maternidad\/","name":"FAJA DE MATERNIDAD &#8226; Medical Z","isPartOf":{"@id":"https:\/\/www.medicalz.com\/es\/#website"},"datePublished":"2021-10-13T08:39:38+00:00","dateModified":"2022-05-11T08:18:20+00:00","breadcrumb":{"@id":"https:\/\/www.medicalz.com\/es\/faja-de-maternidad\/#breadcrumb"},"inLanguage":"es","potentialAction":[{"@type":"ReadAction","target":["https:\/\/www.medicalz.com\/es\/faja-de-maternidad\/"]}]},{"@type":"BreadcrumbList","@id":"https:\/\/www.medicalz.com\/es\/faja-de-maternidad\/#breadcrumb","itemListElement":[{"@type":"ListItem","position":1,"name":"Principal","item":"https:\/\/www.medicalz.com\/es\/accueil\/"},{"@type":"ListItem","position":2,"name":"FAJA DE MATERNIDAD"}]},{"@type":"WebSite","@id":"https:\/\/www.medicalz.com\/es\/#website","url":"https:\/\/www.medicalz.com\/es\/","name":"Medical Z","description":"Cr\u00e9ateur FRAN\u00c7AIS de v\u00eatements compressifs depuis 1981","publisher":{"@id":"https:\/\/www.medicalz.com\/es\/#organization"},"potentialAction":[{"@type":"SearchAction","target":{"@type":"EntryPoint","urlTemplate":"https:\/\/www.medicalz.com\/es\/?s={search_term_string}"},"query-input":{"@type":"PropertyValueSpecification","valueRequired":true,"valueName":"search_term_string"}}],"inLanguage":"es"},{"@type":"Organization","@id":"https:\/\/www.medicalz.com\/es\/#organization","name":"MedicalZ","url":"https:\/\/www.medicalz.com\/es\/","logo":{"@type":"ImageObject","inLanguage":"es","@id":"https:\/\/www.medicalz.com\/es\/#\/schema\/logo\/image\/","url":"https:\/\/www.medicalz.com\/wp-content\/uploads\/2021\/06\/logo-1.png","contentUrl":"https:\/\/www.medicalz.com\/wp-content\/uploads\/2021\/06\/logo-1.png","width":400,"height":227,"caption":"MedicalZ"},"image":{"@id":"https:\/\/www.medicalz.com\/es\/#\/schema\/logo\/image\/"},"sameAs":["https:\/\/www.facebook.com\/MedicalZFrance\/","https:\/\/www.instagram.com\/medicalz_fr\/?hl=fr","https:\/\/www.youtube.com\/channel\/UC7rGbkWBc15cA4pbHS99Vbg"]}]}},"_links":{"self":[{"href":"https:\/\/www.medicalz.com\/es\/wp-json\/wp\/v2\/pages\/9538","targetHints":{"allow":["GET"]}}],"collection":[{"href":"https:\/\/www.medicalz.com\/es\/wp-json\/wp\/v2\/pages"}],"about":[{"href":"https:\/\/www.medicalz.com\/es\/wp-json\/wp\/v2\/types\/page"}],"author":[{"embeddable":true,"href":"https:\/\/www.medicalz.com\/es\/wp-json\/wp\/v2\/users\/4"}],"replies":[{"embeddable":true,"href":"https:\/\/www.medicalz.com\/es\/wp-json\/wp\/v2\/comments?post=9538"}],"version-history":[{"count":6,"href":"https:\/\/www.medicalz.com\/es\/wp-json\/wp\/v2\/pages\/9538\/revisions"}],"predecessor-version":[{"id":16901,"href":"https:\/\/www.medicalz.com\/es\/wp-json\/wp\/v2\/pages\/9538\/revisions\/16901"}],"wp:attachment":[{"href":"https:\/\/www.medicalz.com\/es\/wp-json\/wp\/v2\/media?parent=9538"}],"curies":[{"name":"wp","href":"https:\/\/api.w.org\/{rel}","templated":true}]}}