{"id":15734,"date":"2021-07-30T11:38:28","date_gmt":"2021-07-30T09:38:28","guid":{"rendered":"https:\/\/www.medicalz.com\/produits\/mascarilla-van-de-ven-refrescante\/"},"modified":"2022-04-05T15:56:58","modified_gmt":"2022-04-05T13:56:58","slug":"mascarilla-van-de-ven-refrescante","status":"publish","type":"product","link":"https:\/\/www.medicalz.com\/es\/productos\/mascarilla-van-de-ven-refrescante\/","title":{"rendered":"VAN DE VEN COOLING FACEMASK"},"content":{"rendered":"<p>[et_pb_section fb_built=\u00bb1&#8243; _builder_version=\u00bb4.16&#8243; _module_preset=\u00bbdefault\u00bb global_colors_info=\u00bb{}\u00bb][et_pb_row column_structure=\u00bb1_2,1_2&#8243; _builder_version=\u00bb4.16&#8243; _module_preset=\u00bbdefault\u00bb global_colors_info=\u00bb{}\u00bb][et_pb_column type=\u00bb1_2&#8243; _builder_version=\u00bb4.16&#8243; _module_preset=\u00bbdefault\u00bb global_colors_info=\u00bb{}\u00bb][et_pb_wc_images admin_label=\u00bbVisuel produit\u00bb _builder_version=\u00bb4.16&#8243; _module_preset=\u00bbdefault\u00bb global_colors_info=\u00bb{}\u00bb][\/et_pb_wc_images][\/et_pb_column][et_pb_column type=\u00bb1_2&#8243; _builder_version=\u00bb4.16&#8243; _module_preset=\u00bbdefault\u00bb global_colors_info=\u00bb{}\u00bb][et_pb_text admin_label=\u00bbNom produit \/ R\u00e9f  (\u00e0 remplir)\u00bb module_class=\u00bbhn-produits\u00bb _builder_version=\u00bb4.16&#8243; _module_preset=\u00bbdefault\u00bb text_font=\u00bb|700|||||||\u00bb text_text_color=\u00bb#2F4457&#8243; text_font_size=\u00bb17px\u00bb global_colors_info=\u00bb{}\u00bb]<\/p>\n<h1>VAN DE VEN COOLING FACEMASK<\/h1>\n<p>AC\/013<\/p>\n<p>[\/et_pb_text][et_pb_divider color=\u00bb#e3e3e3&#8243; divider_weight=\u00bb2px\u00bb _builder_version=\u00bb4.16&#8243; _module_preset=\u00bbdefault\u00bb custom_margin=\u00bb||0px||false|false\u00bb global_colors_info=\u00bb{}\u00bb][\/et_pb_divider][et_pb_text admin_label=\u00bbCouleurs disponibles  (\u00e0 remplir)\u00bb _builder_version=\u00bb4.16&#8243; _module_preset=\u00bbdefault\u00bb text_font=\u00bb|700|||||||\u00bb text_text_color=\u00bb#2F4457&#8243; text_font_size=\u00bb17px\u00bb text_letter_spacing=\u00bb1px\u00bb custom_margin=\u00bb||4px|||\u00bb global_colors_info=\u00bb{}\u00bb]<\/p>\n<p>Color disponible<\/p>\n<p><img loading=\"lazy\" decoding=\"async\" class=\"wp-image-4677 alignnone size-full\" src=\"https:\/\/www.medicalz.com\/wp-content\/uploads\/2021\/07\/rond_chair.png\" alt=\"\" width=\"50\" height=\"50\" \/><\/p>\n<p>[\/et_pb_text][et_pb_divider color=\u00bb#e3e3e3&#8243; divider_weight=\u00bb2px\u00bb _builder_version=\u00bb4.16&#8243; _module_preset=\u00bbdefault\u00bb custom_margin=\u00bb||0px||false|false\u00bb global_colors_info=\u00bb{}\u00bb][\/et_pb_divider][et_pb_text admin_label=\u00bbTitre description\u00bb _builder_version=\u00bb4.16&#8243; _module_preset=\u00bbdefault\u00bb text_font=\u00bb|700|||||||\u00bb text_text_color=\u00bb#2F4457&#8243; text_font_size=\u00bb17px\u00bb text_letter_spacing=\u00bb1px\u00bb global_colors_info=\u00bb{}\u00bb]<\/p>\n<p>Descripci\u00f3n<\/p>\n<p>[\/et_pb_text][et_pb_text admin_label=\u00bbTexte Description (\u00e0 remplir)\u00bb _builder_version=\u00bb4.16&#8243; _module_preset=\u00bbdefault\u00bb header_3_text_align=\u00bbleft\u00bb global_colors_info=\u00bb{}\u00bb]<\/p>\n<p>La mascarilla de compresi\u00f3n es un soporte para el seguimiento postoperatorio despu\u00e9s de la cirug\u00eda maxilofacial.<\/p>\n<p>Permite ejercer una presi\u00f3n uniforme sobre toda la zona tratada.<\/p>\n<p>Est\u00e1 destinado a apoyar los tejidos manteni\u00e9ndolos en su nueva forma. Previene el edema postoperatorio y facilita la cicatrizaci\u00f3n.<\/p>\n<p>La multitud de ajustes permite que la mascarilla se adapte con precisi\u00f3n a la morfolog\u00eda de cada rostro, masculino o femenino, y obtener la presi\u00f3n deseada seg\u00fan las necesidades terap\u00e9uticas.<\/p>\n<p>La mascarilla Van de Ven refrescante tiene una ranura que permite la inserci\u00f3n de una compresa fr\u00eda.<\/p>\n<p>El tejido termorregulador Coolmax\u00ae permite evacuar la humedad hacia la capa exterior del tejido.<\/p>\n<p>Para una efectividad \u00f3ptima, la aplicaci\u00f3n de la m\u00e1scara facial de compresi\u00f3n se realiza inmediatamente despu\u00e9s de la operaci\u00f3n. La duraci\u00f3n de la aplicaci\u00f3n depende de la prescripci\u00f3n m\u00e9dica.<\/p>\n<p>La primera solicitud debe ser realizada por un profesional de la salud.<\/p>\n<p>[\/et_pb_text][\/et_pb_column][\/et_pb_row][\/et_pb_section][et_pb_section fb_built=\u00bb1&#8243; _builder_version=\u00bb4.16&#8243; _module_preset=\u00bbdefault\u00bb border_width_top=\u00bb2px\u00bb border_color_top=\u00bb#e3e3e3&#8243; global_colors_info=\u00bb{}\u00bb][et_pb_row _builder_version=\u00bb4.16&#8243; _module_preset=\u00bbdefault\u00bb global_colors_info=\u00bb{}\u00bb][et_pb_column type=\u00bb4_4&#8243; _builder_version=\u00bb4.16&#8243; _module_preset=\u00bbdefault\u00bb global_colors_info=\u00bb{}\u00bb][et_pb_tabs active_tab_background_color=\u00bb#FFFFFF\u00bb inactive_tab_background_color=\u00bb#FFFFFF\u00bb active_tab_text_color=\u00bb#2F4457&#8243; admin_label=\u00bbOnglets composition \/ guide de tailles&#8230;  (\u00e0 remplir)\u00bb module_class=\u00bbonglets-produits\u00bb _builder_version=\u00bb4.16&#8243; _module_preset=\u00bbdefault\u00bb tab_text_color=\u00bb#2F4457&#8243; tab_font_size=\u00bb14px\u00bb background_color=\u00bb#FFFFFF\u00bb custom_margin=\u00bb0px||||false|false\u00bb custom_padding=\u00bb|||30px||\u00bb custom_css_tabs_controls=\u00bbborder-top-color:transparent;||border-bottom-color:transparent;||background-color:transparent;\u00bb custom_css_tab=\u00bbborder:transparent;||\u00bb custom_css_tabs_content=\u00bbborder:transparent;\u00bb border_width_all=\u00bb0px\u00bb locked=\u00bboff\u00bb global_colors_info=\u00bb{}\u00bb][et_pb_tab title=\u00bbCOMPOSICI\u00d3N\u00bb _builder_version=\u00bb4.16&#8243; _module_preset=\u00bbdefault\u00bb global_colors_info=\u00bb{}\u00bb]<\/p>\n<h4>COMPOSICI\u00d3N<\/h4>\n<p>69 % Poli\u00e9ster &#8211; 31 % Elastano<\/p>\n<p><img loading=\"lazy\" decoding=\"async\" class=\"wp-image-3067 alignnone size-full\" src=\"https:\/\/www.medicalz.com\/wp-content\/uploads\/2021\/05\/coolmax.png\" alt=\"\" width=\"110\" height=\"24\" \/><\/p>\n<h4>CONTRAINDICACIONES :<\/h4>\n<p>La mascarilla de compresi\u00f3n no debe llevarse directamente sobre la piel lesionada.<\/p>\n<h4>CUIDADOS :<\/h4>\n<p>Lavar a mano con agua tibia con un jab\u00f3n neutro sin fosfato como el jab\u00f3n de Marsella. No utilizar secadora.<em> <\/em><\/p>\n<p><em>Se recomienda lavar la prenda antes de usarla por primera vez.<\/em><\/p>\n<p>[\/et_pb_tab][et_pb_tab title=\u00bbGU\u00cdA DE TAMA\u00d1OS\u00bb _builder_version=\u00bb4.16&#8243; _module_preset=\u00bbdefault\u00bb global_colors_info=\u00bb{}\u00bb]<\/p>\n<p>Talla \u00fanica<\/p>\n[et_pb_section global_module=\"7041\"][\/et_pb_section]\n<p>[\/et_pb_tab][et_pb_tab title=\u00bbV\u00eddeo\u00bb _builder_version=\u00bb4.16&#8243; _module_preset=\u00bbdefault\u00bb global_colors_info=\u00bb{}\u00bb]<\/p>\n<p><iframe loading=\"lazy\" title=\"Comment prendre ses mesures pour les v\u00eatements post op\u00e9ratoires M\u00e9dical Z\u00ae\" width=\"1080\" height=\"608\" src=\"https:\/\/www.youtube.com\/embed\/FquwnjjrfkA?feature=oembed\"  allow=\"accelerometer; autoplay; clipboard-write; encrypted-media; gyroscope; picture-in-picture\" allowfullscreen><\/iframe><\/p>\n<p>[\/et_pb_tab][\/et_pb_tabs][\/et_pb_column][\/et_pb_row][\/et_pb_section][et_pb_section fb_built=\u00bb1&#8243; _builder_version=\u00bb4.16&#8243; _module_preset=\u00bbdefault\u00bb background_color=\u00bb#e3e3e3&#8243; global_colors_info=\u00bb{}\u00bb][et_pb_row _builder_version=\u00bb4.16&#8243; _module_preset=\u00bbdefault\u00bb global_colors_info=\u00bb{}\u00bb][et_pb_column type=\u00bb4_4&#8243; _builder_version=\u00bb4.16&#8243; _module_preset=\u00bbdefault\u00bb global_colors_info=\u00bb{}\u00bb][et_pb_button button_text=\u00bbENCUENTRE TODAS LAS PREGUNTAS &#8211; FAQ\u00bb button_alignment=\u00bbcenter\u00bb _builder_version=\u00bb4.16&#8243; _module_preset=\u00bbdefault\u00bb custom_button=\u00bbon\u00bb button_text_size=\u00bb18px\u00bb button_text_color=\u00bb#2F4457&#8243; button_border_width=\u00bb1px\u00bb button_border_color=\u00bb#2F4457&#8243; button_border_radius=\u00bb0px\u00bb button_font=\u00bb|700|||||||\u00bb custom_padding=\u00bb15px|110px|15px|110px|false|true\u00bb global_colors_info=\u00bb{}\u00bb][\/et_pb_button][\/et_pb_column][\/et_pb_row][\/et_pb_section][et_pb_section fb_built=\u00bb1&#8243; _builder_version=\u00bb4.16&#8243; _module_preset=\u00bbdefault\u00bb custom_padding=\u00bb0px|||||\u00bb global_colors_info=\u00bb{}\u00bb][et_pb_row _builder_version=\u00bb4.16&#8243; _module_preset=\u00bbdefault\u00bb custom_margin=\u00bb|auto|-28px|auto||\u00bb custom_padding=\u00bb||0px|||\u00bb global_colors_info=\u00bb{}\u00bb][et_pb_column type=\u00bb4_4&#8243; _builder_version=\u00bb4.16&#8243; _module_preset=\u00bbdefault\u00bb global_colors_info=\u00bb{}\u00bb][et_pb_text _builder_version=\u00bb4.16&#8243; _module_preset=\u00bbdefault\u00bb text_font=\u00bb|300|||||||\u00bb text_text_color=\u00bb#178fcf\u00bb header_text_color=\u00bb#178fcf\u00bb header_3_text_color=\u00bb#178FCF\u00bb locked=\u00bboff\u00bb global_colors_info=\u00bb{}\u00bb]<\/p>\n<h3>TAMBI\u00c9N LE OFRECEMOS<\/h3>\n<p>[\/et_pb_text][et_pb_divider module_class=\u00bbseparateur\u00bb _builder_version=\u00bb4.16&#8243; _module_preset=\u00bbdefault\u00bb global_colors_info=\u00bb{}\u00bb][\/et_pb_divider][et_pb_wc_related_products admin_label=\u00bbProduits apparent\u00e9s\u00bb _builder_version=\u00bb4.16&#8243; _module_preset=\u00bbdefault\u00bb border_width_all=\u00bb0px\u00bb global_colors_info=\u00bb{}\u00bb border_radii__hover_enabled=\u00bboff|hover\u00bb][\/et_pb_wc_related_products][et_pb_wc_upsells _builder_version=\u00bb4.16&#8243; _module_preset=\u00bbdefault\u00bb custom_css_price=\u00bbdisplay:none;\u00bb global_colors_info=\u00bb{}\u00bb][\/et_pb_wc_upsells][\/et_pb_column][\/et_pb_row][\/et_pb_section]<\/p>\n","protected":false},"excerpt":{"rendered":"<p>VAN DE VEN COOLING FACEMASK AC\/013Color disponible Descripci\u00f3nLa mascarilla de compresi\u00f3n es un soporte para el seguimiento postoperatorio despu\u00e9s de la cirug\u00eda maxilofacial. Permite ejercer una presi\u00f3n uniforme sobre toda la zona tratada. Est\u00e1 destinado a apoyar los tejidos manteni\u00e9ndolos en su nueva forma. Previene el edema postoperatorio y facilita la cicatrizaci\u00f3n. La multitud de [&hellip;]<\/p>\n","protected":false},"featured_media":5391,"template":"","meta":{"_et_pb_use_builder":"on","_et_pb_old_content":"","_et_gb_content_width":""},"product_brand":[],"product_cat":[125,144],"product_tag":[],"class_list":{"0":"post-15734","1":"product","2":"type-product","3":"status-publish","4":"has-post-thumbnail","6":"product_cat-cirugia-plastica","7":"product_cat-cirugia-facial","9":"first","10":"instock","11":"shipping-taxable","12":"product-type-simple"},"yoast_head":"<!-- This site is optimized with the Yoast SEO plugin v25.1 - https:\/\/yoast.com\/wordpress\/plugins\/seo\/ -->\n<title>VAN DE VEN COOLING FACEMASK &#8226; Medical Z<\/title>\n<meta name=\"robots\" content=\"index, follow, max-snippet:-1, max-image-preview:large, max-video-preview:-1\" \/>\n<link rel=\"canonical\" href=\"https:\/\/www.medicalz.com\/es\/productos\/mascarilla-van-de-ven-refrescante\/\" \/>\n<meta property=\"og:locale\" content=\"es_ES\" \/>\n<meta property=\"og:type\" content=\"article\" \/>\n<meta property=\"og:title\" content=\"VAN DE VEN COOLING FACEMASK &#8226; Medical Z\" \/>\n<meta property=\"og:description\" content=\"VAN DE VEN COOLING FACEMASK AC\/013Color disponible Descripci\u00f3nLa mascarilla de compresi\u00f3n es un soporte para el seguimiento postoperatorio despu\u00e9s de la cirug\u00eda maxilofacial. Permite ejercer una presi\u00f3n uniforme sobre toda la zona tratada. Est\u00e1 destinado a apoyar los tejidos manteni\u00e9ndolos en su nueva forma. Previene el edema postoperatorio y facilita la cicatrizaci\u00f3n. La multitud de [&hellip;]\" \/>\n<meta property=\"og:url\" content=\"https:\/\/www.medicalz.com\/es\/productos\/mascarilla-van-de-ven-refrescante\/\" \/>\n<meta property=\"og:site_name\" content=\"Medical Z\" \/>\n<meta property=\"article:publisher\" content=\"https:\/\/www.facebook.com\/MedicalZFrance\/\" \/>\n<meta property=\"article:modified_time\" content=\"2022-04-05T13:56:58+00:00\" \/>\n<meta property=\"og:image\" content=\"https:\/\/www.medicalz.com\/wp-content\/uploads\/2021\/07\/AC013_FACEMASK_VANDEVEN_COOLING_34-792x1024.png\" \/>\n\t<meta property=\"og:image:width\" content=\"792\" \/>\n\t<meta property=\"og:image:height\" content=\"1024\" \/>\n\t<meta property=\"og:image:type\" content=\"image\/png\" \/>\n<script type=\"application\/ld+json\" class=\"yoast-schema-graph\">{\"@context\":\"https:\/\/schema.org\",\"@graph\":[{\"@type\":\"WebPage\",\"@id\":\"https:\/\/www.medicalz.com\/es\/productos\/mascarilla-van-de-ven-refrescante\/\",\"url\":\"https:\/\/www.medicalz.com\/es\/productos\/mascarilla-van-de-ven-refrescante\/\",\"name\":\"VAN DE VEN COOLING FACEMASK &#8226; Medical Z\",\"isPartOf\":{\"@id\":\"https:\/\/www.medicalz.com\/es\/#website\"},\"primaryImageOfPage\":{\"@id\":\"https:\/\/www.medicalz.com\/es\/productos\/mascarilla-van-de-ven-refrescante\/#primaryimage\"},\"image\":{\"@id\":\"https:\/\/www.medicalz.com\/es\/productos\/mascarilla-van-de-ven-refrescante\/#primaryimage\"},\"thumbnailUrl\":\"https:\/\/www.medicalz.com\/wp-content\/uploads\/2021\/07\/AC013_FACEMASK_VANDEVEN_COOLING_34.png\",\"datePublished\":\"2021-07-30T09:38:28+00:00\",\"dateModified\":\"2022-04-05T13:56:58+00:00\",\"breadcrumb\":{\"@id\":\"https:\/\/www.medicalz.com\/es\/productos\/mascarilla-van-de-ven-refrescante\/#breadcrumb\"},\"inLanguage\":\"es\",\"potentialAction\":[{\"@type\":\"ReadAction\",\"target\":[\"https:\/\/www.medicalz.com\/es\/productos\/mascarilla-van-de-ven-refrescante\/\"]}]},{\"@type\":\"ImageObject\",\"inLanguage\":\"es\",\"@id\":\"https:\/\/www.medicalz.com\/es\/productos\/mascarilla-van-de-ven-refrescante\/#primaryimage\",\"url\":\"https:\/\/www.medicalz.com\/wp-content\/uploads\/2021\/07\/AC013_FACEMASK_VANDEVEN_COOLING_34.png\",\"contentUrl\":\"https:\/\/www.medicalz.com\/wp-content\/uploads\/2021\/07\/AC013_FACEMASK_VANDEVEN_COOLING_34.png\",\"width\":4912,\"height\":6350},{\"@type\":\"BreadcrumbList\",\"@id\":\"https:\/\/www.medicalz.com\/es\/productos\/mascarilla-van-de-ven-refrescante\/#breadcrumb\",\"itemListElement\":[{\"@type\":\"ListItem\",\"position\":1,\"name\":\"Principal\",\"item\":\"https:\/\/www.medicalz.com\/es\/accueil\/\"},{\"@type\":\"ListItem\",\"position\":2,\"name\":\"Productos\",\"item\":\"https:\/\/www.medicalz.com\/es\/shop\/\"},{\"@type\":\"ListItem\",\"position\":3,\"name\":\"Cirugia plastica\",\"item\":\"https:\/\/www.medicalz.com\/es\/categoria-producto\/cirugia-plastica\/\"},{\"@type\":\"ListItem\",\"position\":4,\"name\":\"Cirug\u00eda facial\",\"item\":\"https:\/\/www.medicalz.com\/es\/categoria-producto\/cirugia-plastica\/cirugia-facial\/\"},{\"@type\":\"ListItem\",\"position\":5,\"name\":\"VAN DE VEN COOLING FACEMASK\"}]},{\"@type\":\"WebSite\",\"@id\":\"https:\/\/www.medicalz.com\/es\/#website\",\"url\":\"https:\/\/www.medicalz.com\/es\/\",\"name\":\"Medical Z\",\"description\":\"Cr\u00e9ateur FRAN\u00c7AIS de v\u00eatements compressifs depuis 1981\",\"publisher\":{\"@id\":\"https:\/\/www.medicalz.com\/es\/#organization\"},\"potentialAction\":[{\"@type\":\"SearchAction\",\"target\":{\"@type\":\"EntryPoint\",\"urlTemplate\":\"https:\/\/www.medicalz.com\/es\/?s={search_term_string}\"},\"query-input\":{\"@type\":\"PropertyValueSpecification\",\"valueRequired\":true,\"valueName\":\"search_term_string\"}}],\"inLanguage\":\"es\"},{\"@type\":\"Organization\",\"@id\":\"https:\/\/www.medicalz.com\/es\/#organization\",\"name\":\"MedicalZ\",\"url\":\"https:\/\/www.medicalz.com\/es\/\",\"logo\":{\"@type\":\"ImageObject\",\"inLanguage\":\"es\",\"@id\":\"https:\/\/www.medicalz.com\/es\/#\/schema\/logo\/image\/\",\"url\":\"https:\/\/www.medicalz.com\/wp-content\/uploads\/2021\/06\/logo-1.png\",\"contentUrl\":\"https:\/\/www.medicalz.com\/wp-content\/uploads\/2021\/06\/logo-1.png\",\"width\":400,\"height\":227,\"caption\":\"MedicalZ\"},\"image\":{\"@id\":\"https:\/\/www.medicalz.com\/es\/#\/schema\/logo\/image\/\"},\"sameAs\":[\"https:\/\/www.facebook.com\/MedicalZFrance\/\",\"https:\/\/www.instagram.com\/medicalz_fr\/?hl=fr\",\"https:\/\/www.youtube.com\/channel\/UC7rGbkWBc15cA4pbHS99Vbg\"]}]}<\/script>\n<!-- \/ Yoast SEO plugin. -->","yoast_head_json":{"title":"VAN DE VEN COOLING FACEMASK &#8226; Medical Z","robots":{"index":"index","follow":"follow","max-snippet":"max-snippet:-1","max-image-preview":"max-image-preview:large","max-video-preview":"max-video-preview:-1"},"canonical":"https:\/\/www.medicalz.com\/es\/productos\/mascarilla-van-de-ven-refrescante\/","og_locale":"es_ES","og_type":"article","og_title":"VAN DE VEN COOLING FACEMASK &#8226; Medical Z","og_description":"VAN DE VEN COOLING FACEMASK AC\/013Color disponible Descripci\u00f3nLa mascarilla de compresi\u00f3n es un soporte para el seguimiento postoperatorio despu\u00e9s de la cirug\u00eda maxilofacial. Permite ejercer una presi\u00f3n uniforme sobre toda la zona tratada. Est\u00e1 destinado a apoyar los tejidos manteni\u00e9ndolos en su nueva forma. Previene el edema postoperatorio y facilita la cicatrizaci\u00f3n. La multitud de [&hellip;]","og_url":"https:\/\/www.medicalz.com\/es\/productos\/mascarilla-van-de-ven-refrescante\/","og_site_name":"Medical Z","article_publisher":"https:\/\/www.facebook.com\/MedicalZFrance\/","article_modified_time":"2022-04-05T13:56:58+00:00","og_image":[{"width":792,"height":1024,"url":"https:\/\/www.medicalz.com\/wp-content\/uploads\/2021\/07\/AC013_FACEMASK_VANDEVEN_COOLING_34-792x1024.png","type":"image\/png"}],"schema":{"@context":"https:\/\/schema.org","@graph":[{"@type":"WebPage","@id":"https:\/\/www.medicalz.com\/es\/productos\/mascarilla-van-de-ven-refrescante\/","url":"https:\/\/www.medicalz.com\/es\/productos\/mascarilla-van-de-ven-refrescante\/","name":"VAN DE VEN COOLING FACEMASK &#8226; Medical Z","isPartOf":{"@id":"https:\/\/www.medicalz.com\/es\/#website"},"primaryImageOfPage":{"@id":"https:\/\/www.medicalz.com\/es\/productos\/mascarilla-van-de-ven-refrescante\/#primaryimage"},"image":{"@id":"https:\/\/www.medicalz.com\/es\/productos\/mascarilla-van-de-ven-refrescante\/#primaryimage"},"thumbnailUrl":"https:\/\/www.medicalz.com\/wp-content\/uploads\/2021\/07\/AC013_FACEMASK_VANDEVEN_COOLING_34.png","datePublished":"2021-07-30T09:38:28+00:00","dateModified":"2022-04-05T13:56:58+00:00","breadcrumb":{"@id":"https:\/\/www.medicalz.com\/es\/productos\/mascarilla-van-de-ven-refrescante\/#breadcrumb"},"inLanguage":"es","potentialAction":[{"@type":"ReadAction","target":["https:\/\/www.medicalz.com\/es\/productos\/mascarilla-van-de-ven-refrescante\/"]}]},{"@type":"ImageObject","inLanguage":"es","@id":"https:\/\/www.medicalz.com\/es\/productos\/mascarilla-van-de-ven-refrescante\/#primaryimage","url":"https:\/\/www.medicalz.com\/wp-content\/uploads\/2021\/07\/AC013_FACEMASK_VANDEVEN_COOLING_34.png","contentUrl":"https:\/\/www.medicalz.com\/wp-content\/uploads\/2021\/07\/AC013_FACEMASK_VANDEVEN_COOLING_34.png","width":4912,"height":6350},{"@type":"BreadcrumbList","@id":"https:\/\/www.medicalz.com\/es\/productos\/mascarilla-van-de-ven-refrescante\/#breadcrumb","itemListElement":[{"@type":"ListItem","position":1,"name":"Principal","item":"https:\/\/www.medicalz.com\/es\/accueil\/"},{"@type":"ListItem","position":2,"name":"Productos","item":"https:\/\/www.medicalz.com\/es\/shop\/"},{"@type":"ListItem","position":3,"name":"Cirugia plastica","item":"https:\/\/www.medicalz.com\/es\/categoria-producto\/cirugia-plastica\/"},{"@type":"ListItem","position":4,"name":"Cirug\u00eda facial","item":"https:\/\/www.medicalz.com\/es\/categoria-producto\/cirugia-plastica\/cirugia-facial\/"},{"@type":"ListItem","position":5,"name":"VAN DE VEN COOLING FACEMASK"}]},{"@type":"WebSite","@id":"https:\/\/www.medicalz.com\/es\/#website","url":"https:\/\/www.medicalz.com\/es\/","name":"Medical Z","description":"Cr\u00e9ateur FRAN\u00c7AIS de v\u00eatements compressifs depuis 1981","publisher":{"@id":"https:\/\/www.medicalz.com\/es\/#organization"},"potentialAction":[{"@type":"SearchAction","target":{"@type":"EntryPoint","urlTemplate":"https:\/\/www.medicalz.com\/es\/?s={search_term_string}"},"query-input":{"@type":"PropertyValueSpecification","valueRequired":true,"valueName":"search_term_string"}}],"inLanguage":"es"},{"@type":"Organization","@id":"https:\/\/www.medicalz.com\/es\/#organization","name":"MedicalZ","url":"https:\/\/www.medicalz.com\/es\/","logo":{"@type":"ImageObject","inLanguage":"es","@id":"https:\/\/www.medicalz.com\/es\/#\/schema\/logo\/image\/","url":"https:\/\/www.medicalz.com\/wp-content\/uploads\/2021\/06\/logo-1.png","contentUrl":"https:\/\/www.medicalz.com\/wp-content\/uploads\/2021\/06\/logo-1.png","width":400,"height":227,"caption":"MedicalZ"},"image":{"@id":"https:\/\/www.medicalz.com\/es\/#\/schema\/logo\/image\/"},"sameAs":["https:\/\/www.facebook.com\/MedicalZFrance\/","https:\/\/www.instagram.com\/medicalz_fr\/?hl=fr","https:\/\/www.youtube.com\/channel\/UC7rGbkWBc15cA4pbHS99Vbg"]}]}},"_links":{"self":[{"href":"https:\/\/www.medicalz.com\/es\/wp-json\/wp\/v2\/product\/15734","targetHints":{"allow":["GET"]}}],"collection":[{"href":"https:\/\/www.medicalz.com\/es\/wp-json\/wp\/v2\/product"}],"about":[{"href":"https:\/\/www.medicalz.com\/es\/wp-json\/wp\/v2\/types\/product"}],"wp:featuredmedia":[{"embeddable":true,"href":"https:\/\/www.medicalz.com\/es\/wp-json\/wp\/v2\/media\/5391"}],"wp:attachment":[{"href":"https:\/\/www.medicalz.com\/es\/wp-json\/wp\/v2\/media?parent=15734"}],"wp:term":[{"taxonomy":"product_brand","embeddable":true,"href":"https:\/\/www.medicalz.com\/es\/wp-json\/wp\/v2\/product_brand?post=15734"},{"taxonomy":"product_cat","embeddable":true,"href":"https:\/\/www.medicalz.com\/es\/wp-json\/wp\/v2\/product_cat?post=15734"},{"taxonomy":"product_tag","embeddable":true,"href":"https:\/\/www.medicalz.com\/es\/wp-json\/wp\/v2\/product_tag?post=15734"}],"curies":[{"name":"wp","href":"https:\/\/api.w.org\/{rel}","templated":true}]}}