{"id":5285,"date":"2021-07-30T11:38:28","date_gmt":"2021-07-30T09:38:28","guid":{"rendered":"https:\/\/www.medicalz.com\/?post_type=product&#038;p=5285"},"modified":"2026-03-13T15:33:05","modified_gmt":"2026-03-13T14:33:05","slug":"van-de-ven-cooling-facemask","status":"publish","type":"product","link":"https:\/\/www.medicalz.com\/fr\/produits\/van-de-ven-cooling-facemask\/","title":{"rendered":"VAN DE VEN COOLING FACEMASK"},"content":{"rendered":"<p>[et_pb_section fb_built=\u00a0\u00bb1&Prime; _builder_version=\u00a0\u00bb4.16&Prime; _module_preset=\u00a0\u00bbdefault\u00a0\u00bb global_colors_info=\u00a0\u00bb{}\u00a0\u00bb][et_pb_row column_structure=\u00a0\u00bb1_2,1_2&Prime; _builder_version=\u00a0\u00bb4.16&Prime; _module_preset=\u00a0\u00bbdefault\u00a0\u00bb global_colors_info=\u00a0\u00bb{}\u00a0\u00bb][et_pb_column type=\u00a0\u00bb1_2&Prime; _builder_version=\u00a0\u00bb4.16&Prime; _module_preset=\u00a0\u00bbdefault\u00a0\u00bb global_colors_info=\u00a0\u00bb{}\u00a0\u00bb][et_pb_wc_images admin_label=\u00a0\u00bbVisuel produit\u00a0\u00bb _builder_version=\u00a0\u00bb4.16&Prime; _module_preset=\u00a0\u00bbdefault\u00a0\u00bb global_colors_info=\u00a0\u00bb{}\u00a0\u00bb][\/et_pb_wc_images][\/et_pb_column][et_pb_column type=\u00a0\u00bb1_2&Prime; _builder_version=\u00a0\u00bb4.16&Prime; _module_preset=\u00a0\u00bbdefault\u00a0\u00bb global_colors_info=\u00a0\u00bb{}\u00a0\u00bb][et_pb_text admin_label=\u00a0\u00bbNom produit \/ R\u00e9f  (\u00e0 remplir)\u00a0\u00bb module_class=\u00a0\u00bbhn-produits\u00a0\u00bb _builder_version=\u00a0\u00bb4.16&Prime; _module_preset=\u00a0\u00bbdefault\u00a0\u00bb text_font=\u00a0\u00bb|700|||||||\u00a0\u00bb text_text_color=\u00a0\u00bb#2F4457&Prime; text_font_size=\u00a0\u00bb17px\u00a0\u00bb global_colors_info=\u00a0\u00bb{}\u00a0\u00bb]<\/p>\n<h1>VAN DE VEN COOLING FACEMASK<\/h1>\n<p>AC\/013<\/p>\n<p>[\/et_pb_text][et_pb_divider color=\u00a0\u00bb#e3e3e3&Prime; divider_weight=\u00a0\u00bb2px\u00a0\u00bb _builder_version=\u00a0\u00bb4.16&Prime; _module_preset=\u00a0\u00bbdefault\u00a0\u00bb custom_margin=\u00a0\u00bb||0px||false|false\u00a0\u00bb global_colors_info=\u00a0\u00bb{}\u00a0\u00bb][\/et_pb_divider][et_pb_text admin_label=\u00a0\u00bbCouleurs disponibles  (\u00e0 remplir)\u00a0\u00bb _builder_version=\u00a0\u00bb4.16&Prime; _module_preset=\u00a0\u00bbdefault\u00a0\u00bb text_font=\u00a0\u00bb|700|||||||\u00a0\u00bb text_text_color=\u00a0\u00bb#2F4457&Prime; text_font_size=\u00a0\u00bb17px\u00a0\u00bb text_letter_spacing=\u00a0\u00bb1px\u00a0\u00bb custom_margin=\u00a0\u00bb||4px|||\u00a0\u00bb global_colors_info=\u00a0\u00bb{}\u00a0\u00bb]<\/p>\n<p>Couleurs disponibles<\/p>\n<p><img loading=\"lazy\" decoding=\"async\" class=\"wp-image-4677 alignnone size-full\" src=\"https:\/\/www.medicalz.com\/wp-content\/uploads\/2021\/07\/rond_chair.png\" alt=\"\" width=\"50\" height=\"50\" \/><\/p>\n<p>[\/et_pb_text][et_pb_button button_url=\u00a0\u00bbhttps:\/\/www.medicalz-store.com\/product\/cooling-mask-adulte-chair-taille-unique\/\u00a0\u00bb button_text=\u00a0\u00bbCommander sur notre boutique\u00a0\u00bb _builder_version=\u00a0\u00bb4.27.4&Prime; _module_preset=\u00a0\u00bbdefault\u00a0\u00bb custom_button=\u00a0\u00bbon\u00a0\u00bb button_text_color=\u00a0\u00bb#FFFFFF\u00a0\u00bb button_bg_color=\u00a0\u00bb#427393&Prime; button_font=\u00a0\u00bb|700|||||||\u00a0\u00bb hover_enabled=\u00a0\u00bb0&Prime; button_text_shadow_style=\u00a0\u00bbpreset3&Prime; global_colors_info=\u00a0\u00bb{}\u00a0\u00bb custom_padding=\u00a0\u00bb0px|||||\u00a0\u00bb locked=\u00a0\u00bboff\u00a0\u00bb button_border_width=\u00a0\u00bb2px\u00a0\u00bb button_text_size=\u00a0\u00bb18px\u00a0\u00bb sticky_enabled=\u00a0\u00bb0&Prime;][\/et_pb_button][et_pb_divider color=\u00a0\u00bb#e3e3e3&Prime; divider_weight=\u00a0\u00bb2px\u00a0\u00bb _builder_version=\u00a0\u00bb4.16&Prime; _module_preset=\u00a0\u00bbdefault\u00a0\u00bb custom_margin=\u00a0\u00bb||0px||false|false\u00a0\u00bb global_colors_info=\u00a0\u00bb{}\u00a0\u00bb][\/et_pb_divider][et_pb_text admin_label=\u00a0\u00bbTitre description\u00a0\u00bb _builder_version=\u00a0\u00bb4.16&Prime; _module_preset=\u00a0\u00bbdefault\u00a0\u00bb text_font=\u00a0\u00bb|700|||||||\u00a0\u00bb text_text_color=\u00a0\u00bb#2F4457&Prime; text_font_size=\u00a0\u00bb17px\u00a0\u00bb text_letter_spacing=\u00a0\u00bb1px\u00a0\u00bb global_colors_info=\u00a0\u00bb{}\u00a0\u00bb]<\/p>\n<p>Description<\/p>\n<p>[\/et_pb_text][et_pb_text admin_label=\u00a0\u00bbTexte Description (\u00e0 remplir)\u00a0\u00bb _builder_version=\u00a0\u00bb4.16&Prime; _module_preset=\u00a0\u00bbdefault\u00a0\u00bb header_3_text_align=\u00a0\u00bbleft\u00a0\u00bb global_colors_info=\u00a0\u00bb{}\u00a0\u00bb]<\/p>\n<p><span>Le<\/span><strong><span>\u00a0<\/span>VAN DE VEN COOLING Facemask<\/strong><span>\u00a0est utilis\u00e9 apr\u00e8s une intervention chirurgicale du visage. Il est destin\u00e9 \u00e0 apporter un soutien aux tissus en les maintenant dans la position souhait\u00e9e. Il pr\u00e9vient l\u2019oed\u00e8me et la cr\u00e9ation de cicatrices hypertrophiques post-op\u00e9ratoires. Il est conseill\u00e9 de le porter autant que possible pendant les trois premi\u00e8res semaines qui suivent l\u2019intervention.<\/span><br \/><span>\u2022 Anti-oedemateux<\/span><br \/><span>\u2022 Pressoth\u00e9rapie dans le traitement des cicatrices hypertrophiques<\/span><br \/><span>\u2022 Pressoth\u00e9rapie maxillo-faciale<\/span><br \/><span>\u2022 Textile Coolmax<\/span><sup>\u00ae<\/sup><span>\u00a0thermor\u00e9gulateur et facilitant l\u2019\u00e9limination de la transpiration<\/span><\/p>\n<p><span><\/span><\/p>\n<p><strong><em><span style=\"font-size: small;\">Les poches de glaces ne sont pas fournies avec le produit.<\/span><\/em><\/strong><\/p>\n<p>&nbsp;<\/p>\n<p>[\/et_pb_text][\/et_pb_column][\/et_pb_row][\/et_pb_section][et_pb_section fb_built=\u00a0\u00bb1&Prime; _builder_version=\u00a0\u00bb4.16&Prime; _module_preset=\u00a0\u00bbdefault\u00a0\u00bb border_width_top=\u00a0\u00bb2px\u00a0\u00bb border_color_top=\u00a0\u00bb#e3e3e3&Prime; global_colors_info=\u00a0\u00bb{}\u00a0\u00bb][et_pb_row _builder_version=\u00a0\u00bb4.16&Prime; _module_preset=\u00a0\u00bbdefault\u00a0\u00bb global_colors_info=\u00a0\u00bb{}\u00a0\u00bb][et_pb_column type=\u00a0\u00bb4_4&Prime; _builder_version=\u00a0\u00bb4.16&Prime; _module_preset=\u00a0\u00bbdefault\u00a0\u00bb global_colors_info=\u00a0\u00bb{}\u00a0\u00bb][et_pb_tabs active_tab_background_color=\u00a0\u00bb#FFFFFF\u00a0\u00bb inactive_tab_background_color=\u00a0\u00bb#FFFFFF\u00a0\u00bb active_tab_text_color=\u00a0\u00bb#2F4457&Prime; admin_label=\u00a0\u00bbOnglets composition \/ guide de tailles&#8230;  (\u00e0 remplir)\u00a0\u00bb module_class=\u00a0\u00bbonglets-produits\u00a0\u00bb _builder_version=\u00a0\u00bb4.16&Prime; _module_preset=\u00a0\u00bbdefault\u00a0\u00bb tab_text_color=\u00a0\u00bb#2F4457&Prime; tab_font_size=\u00a0\u00bb14px\u00a0\u00bb background_color=\u00a0\u00bb#FFFFFF\u00a0\u00bb custom_margin=\u00a0\u00bb0px||||false|false\u00a0\u00bb custom_padding=\u00a0\u00bb|||30px||\u00a0\u00bb custom_css_tabs_controls=\u00a0\u00bbborder-top-color:transparent;||border-bottom-color:transparent;||background-color:transparent;\u00a0\u00bb custom_css_tab=\u00a0\u00bbborder:transparent;||\u00a0\u00bb custom_css_tabs_content=\u00a0\u00bbborder:transparent;\u00a0\u00bb border_width_all=\u00a0\u00bb0px\u00a0\u00bb locked=\u00a0\u00bboff\u00a0\u00bb global_colors_info=\u00a0\u00bb{}\u00a0\u00bb][et_pb_tab title=\u00a0\u00bbCOMPOSITION\u00a0\u00bb _builder_version=\u00a0\u00bb4.16&Prime; _module_preset=\u00a0\u00bbdefault\u00a0\u00bb global_colors_info=\u00a0\u00bb{}\u00a0\u00bb]<\/p>\n<h4>COMPOSITION<\/h4>\n<p>69 % Polyester &#8211; 31 % Elasthanne<\/p>\n<p><img loading=\"lazy\" decoding=\"async\" class=\"wp-image-628 alignnone size-full\" src=\"https:\/\/www.medicalz.com\/wp-content\/uploads\/2021\/05\/coolmax.png\" alt=\"\" width=\"110\" height=\"24\" \/><\/p>\n<h4>ENTRETIEN :<\/h4>\n<p>Laver \u00e0 la main dans de l\u2019eau ti\u00e8de avec un savon naturel type savon de Marseille. Ne pas utiliser de s\u00e8che-linge.<em> Il est recommand\u00e9 de laver le v\u00eatement avant de le porter pour la premi\u00e8re fois.<\/em><\/p>\n<h4>CONTRE-INDICATIONS :<\/h4>\n<p>Le masque compressif ne doit pas \u00eatre port\u00e9 directement sur une peau l\u00e9s\u00e9e.<\/p>\n<p>[\/et_pb_tab][et_pb_tab title=\u00a0\u00bbGUIDE DE TAILLE\u00a0\u00bb _builder_version=\u00a0\u00bb4.16&Prime; _module_preset=\u00a0\u00bbdefault\u00a0\u00bb global_colors_info=\u00a0\u00bb{}\u00a0\u00bb]<\/p>\n<p><strong>Taille unique<\/strong><\/p>\n<p>[et_pb_section global_module=\"7041\"][\/et_pb_section][\/et_pb_tab][et_pb_tab title=\u00a0\u00bbVID\u00c9O PRISE DE MESURE\u00a0\u00bb _builder_version=\u00a0\u00bb4.16&Prime; _module_preset=\u00a0\u00bbdefault\u00a0\u00bb global_colors_info=\u00a0\u00bb{}\u00a0\u00bb]<\/p>\n<p><iframe loading=\"lazy\" title=\"Comment prendre ses mesures pour les v\u00eatements post op\u00e9ratoires M\u00e9dical Z\u00ae\" width=\"1080\" height=\"608\" src=\"https:\/\/www.youtube.com\/embed\/FquwnjjrfkA?feature=oembed\"  allow=\"accelerometer; autoplay; clipboard-write; encrypted-media; gyroscope; picture-in-picture\" allowfullscreen><\/iframe><\/p>\n<p>[\/et_pb_tab][\/et_pb_tabs][\/et_pb_column][\/et_pb_row][\/et_pb_section][et_pb_section fb_built=\u00a0\u00bb1&Prime; _builder_version=\u00a0\u00bb4.16&Prime; _module_preset=\u00a0\u00bbdefault\u00a0\u00bb background_color=\u00a0\u00bb#e3e3e3&Prime; global_colors_info=\u00a0\u00bb{}\u00a0\u00bb][et_pb_row _builder_version=\u00a0\u00bb4.16&Prime; _module_preset=\u00a0\u00bbdefault\u00a0\u00bb global_colors_info=\u00a0\u00bb{}\u00a0\u00bb][et_pb_column type=\u00a0\u00bb4_4&Prime; _builder_version=\u00a0\u00bb4.16&Prime; _module_preset=\u00a0\u00bbdefault\u00a0\u00bb global_colors_info=\u00a0\u00bb{}\u00a0\u00bb][et_pb_button button_url=\u00a0\u00bbhttps:\/\/www.medicalz.com\/faq\/\u00a0\u00bb button_text=\u00a0\u00bbRETROUVEZ TOUTES LES QUESTIONS &#8211; FAQ\u00a0\u00bb button_alignment=\u00a0\u00bbcenter\u00a0\u00bb _builder_version=\u00a0\u00bb4.16&Prime; _module_preset=\u00a0\u00bbdefault\u00a0\u00bb custom_button=\u00a0\u00bbon\u00a0\u00bb button_text_size=\u00a0\u00bb18px\u00a0\u00bb button_text_color=\u00a0\u00bb#2F4457&Prime; button_border_width=\u00a0\u00bb1px\u00a0\u00bb button_border_color=\u00a0\u00bb#2F4457&Prime; button_border_radius=\u00a0\u00bb0px\u00a0\u00bb button_font=\u00a0\u00bb|700|||||||\u00a0\u00bb custom_padding=\u00a0\u00bb15px|110px|15px|110px|false|true\u00a0\u00bb global_colors_info=\u00a0\u00bb{}\u00a0\u00bb][\/et_pb_button][\/et_pb_column][\/et_pb_row][\/et_pb_section][et_pb_section fb_built=\u00a0\u00bb1&Prime; _builder_version=\u00a0\u00bb4.16&Prime; _module_preset=\u00a0\u00bbdefault\u00a0\u00bb custom_padding=\u00a0\u00bb0px|||||\u00a0\u00bb global_colors_info=\u00a0\u00bb{}\u00a0\u00bb][et_pb_row _builder_version=\u00a0\u00bb4.16&Prime; _module_preset=\u00a0\u00bbdefault\u00a0\u00bb custom_margin=\u00a0\u00bb|auto|-28px|auto||\u00a0\u00bb custom_padding=\u00a0\u00bb||0px|||\u00a0\u00bb global_colors_info=\u00a0\u00bb{}\u00a0\u00bb][et_pb_column type=\u00a0\u00bb4_4&Prime; _builder_version=\u00a0\u00bb4.16&Prime; _module_preset=\u00a0\u00bbdefault\u00a0\u00bb global_colors_info=\u00a0\u00bb{}\u00a0\u00bb][et_pb_text _builder_version=\u00a0\u00bb4.16&Prime; _module_preset=\u00a0\u00bbdefault\u00a0\u00bb text_font=\u00a0\u00bb|300|||||||\u00a0\u00bb text_text_color=\u00a0\u00bb#178fcf\u00a0\u00bb header_text_color=\u00a0\u00bb#178fcf\u00a0\u00bb header_3_text_color=\u00a0\u00bb#178FCF\u00a0\u00bb locked=\u00a0\u00bboff\u00a0\u00bb global_colors_info=\u00a0\u00bb{}\u00a0\u00bb]<\/p>\n<h3>NOUS VOUS PROPOSONS AUSSI<\/h3>\n<p>[\/et_pb_text][et_pb_divider module_class=\u00a0\u00bbseparateur\u00a0\u00bb _builder_version=\u00a0\u00bb4.16&Prime; _module_preset=\u00a0\u00bbdefault\u00a0\u00bb global_colors_info=\u00a0\u00bb{}\u00a0\u00bb][\/et_pb_divider][et_pb_wc_related_products admin_label=\u00a0\u00bbProduits apparent\u00e9s\u00a0\u00bb _builder_version=\u00a0\u00bb4.16&Prime; _module_preset=\u00a0\u00bbdefault\u00a0\u00bb border_width_all=\u00a0\u00bb0px\u00a0\u00bb global_colors_info=\u00a0\u00bb{}\u00a0\u00bb border_radii__hover_enabled=\u00a0\u00bboff|hover\u00a0\u00bb][\/et_pb_wc_related_products][et_pb_wc_upsells _builder_version=\u00a0\u00bb4.16&Prime; _module_preset=\u00a0\u00bbdefault\u00a0\u00bb custom_css_price=\u00a0\u00bbdisplay:none;\u00a0\u00bb global_colors_info=\u00a0\u00bb{}\u00a0\u00bb][\/et_pb_wc_upsells][\/et_pb_column][\/et_pb_row][\/et_pb_section]<\/p>\n","protected":false},"excerpt":{"rendered":"<p>VAN DE VEN COOLING FACEMASK AC\/013Couleurs disponibles DescriptionLe\u00a0VAN DE VEN COOLING Facemask\u00a0est utilis\u00e9 apr\u00e8s une intervention chirurgicale du visage. Il est destin\u00e9 \u00e0 apporter un soutien aux tissus en les maintenant dans la position souhait\u00e9e. Il pr\u00e9vient l\u2019oed\u00e8me et la cr\u00e9ation de cicatrices hypertrophiques post-op\u00e9ratoires. Il est conseill\u00e9 de le porter autant que possible pendant [&hellip;]<\/p>\n","protected":false},"featured_media":5389,"template":"","meta":{"_et_pb_use_builder":"on","_et_pb_old_content":"","_et_gb_content_width":""},"product_brand":[],"product_cat":[30,141],"product_tag":[],"class_list":{"0":"post-5285","1":"product","2":"type-product","3":"status-publish","4":"has-post-thumbnail","6":"product_cat-chirurgie","7":"product_cat-chirurgie-visage","9":"first","10":"instock","11":"shipping-taxable","12":"product-type-simple"},"yoast_head":"<!-- This site is optimized with the Yoast SEO plugin v25.1 - https:\/\/yoast.com\/wordpress\/plugins\/seo\/ -->\n<title>VAN DE VEN COOLING FACEMASK &#8226; Medical Z<\/title>\n<meta name=\"robots\" content=\"index, follow, max-snippet:-1, max-image-preview:large, max-video-preview:-1\" \/>\n<link rel=\"canonical\" href=\"https:\/\/www.medicalz.com\/fr\/produits\/van-de-ven-cooling-facemask\/\" \/>\n<meta property=\"og:locale\" content=\"fr_FR\" \/>\n<meta property=\"og:type\" content=\"article\" \/>\n<meta property=\"og:title\" content=\"VAN DE VEN COOLING FACEMASK &#8226; Medical Z\" \/>\n<meta property=\"og:description\" content=\"VAN DE VEN COOLING FACEMASK AC\/013Couleurs disponibles DescriptionLe\u00a0VAN DE VEN COOLING Facemask\u00a0est utilis\u00e9 apr\u00e8s une intervention chirurgicale du visage. Il est destin\u00e9 \u00e0 apporter un soutien aux tissus en les maintenant dans la position souhait\u00e9e. Il pr\u00e9vient l\u2019oed\u00e8me et la cr\u00e9ation de cicatrices hypertrophiques post-op\u00e9ratoires. Il est conseill\u00e9 de le porter autant que possible pendant [&hellip;]\" \/>\n<meta property=\"og:url\" content=\"https:\/\/www.medicalz.com\/fr\/produits\/van-de-ven-cooling-facemask\/\" \/>\n<meta property=\"og:site_name\" content=\"Medical Z\" \/>\n<meta property=\"article:publisher\" content=\"https:\/\/www.facebook.com\/MedicalZFrance\/\" \/>\n<meta property=\"article:modified_time\" content=\"2026-03-13T14:33:05+00:00\" \/>\n<meta property=\"og:image\" content=\"https:\/\/www.medicalz.com\/wp-content\/uploads\/2021\/07\/AC013_FACEMASK_VANDEVEN_COOLING_34-792x1024.png\" \/>\n\t<meta property=\"og:image:width\" content=\"792\" \/>\n\t<meta property=\"og:image:height\" content=\"1024\" \/>\n\t<meta property=\"og:image:type\" content=\"image\/png\" \/>\n<script type=\"application\/ld+json\" class=\"yoast-schema-graph\">{\"@context\":\"https:\/\/schema.org\",\"@graph\":[{\"@type\":\"WebPage\",\"@id\":\"https:\/\/www.medicalz.com\/fr\/produits\/van-de-ven-cooling-facemask\/\",\"url\":\"https:\/\/www.medicalz.com\/fr\/produits\/van-de-ven-cooling-facemask\/\",\"name\":\"VAN DE VEN COOLING FACEMASK &#8226; Medical Z\",\"isPartOf\":{\"@id\":\"https:\/\/www.medicalz.com\/fr\/#website\"},\"primaryImageOfPage\":{\"@id\":\"https:\/\/www.medicalz.com\/fr\/produits\/van-de-ven-cooling-facemask\/#primaryimage\"},\"image\":{\"@id\":\"https:\/\/www.medicalz.com\/fr\/produits\/van-de-ven-cooling-facemask\/#primaryimage\"},\"thumbnailUrl\":\"https:\/\/www.medicalz.com\/wp-content\/uploads\/2021\/07\/AC013_FACEMASK_VANDEVEN_COOLING_34.png\",\"datePublished\":\"2021-07-30T09:38:28+00:00\",\"dateModified\":\"2026-03-13T14:33:05+00:00\",\"breadcrumb\":{\"@id\":\"https:\/\/www.medicalz.com\/fr\/produits\/van-de-ven-cooling-facemask\/#breadcrumb\"},\"inLanguage\":\"fr-FR\",\"potentialAction\":[{\"@type\":\"ReadAction\",\"target\":[\"https:\/\/www.medicalz.com\/fr\/produits\/van-de-ven-cooling-facemask\/\"]}]},{\"@type\":\"ImageObject\",\"inLanguage\":\"fr-FR\",\"@id\":\"https:\/\/www.medicalz.com\/fr\/produits\/van-de-ven-cooling-facemask\/#primaryimage\",\"url\":\"https:\/\/www.medicalz.com\/wp-content\/uploads\/2021\/07\/AC013_FACEMASK_VANDEVEN_COOLING_34.png\",\"contentUrl\":\"https:\/\/www.medicalz.com\/wp-content\/uploads\/2021\/07\/AC013_FACEMASK_VANDEVEN_COOLING_34.png\",\"width\":4912,\"height\":6350},{\"@type\":\"BreadcrumbList\",\"@id\":\"https:\/\/www.medicalz.com\/fr\/produits\/van-de-ven-cooling-facemask\/#breadcrumb\",\"itemListElement\":[{\"@type\":\"ListItem\",\"position\":1,\"name\":\"Principal\",\"item\":\"https:\/\/www.medicalz.com\/fr\/accueil\/\"},{\"@type\":\"ListItem\",\"position\":2,\"name\":\"Produits\",\"item\":\"https:\/\/www.medicalz.com\/fr\/shop\/\"},{\"@type\":\"ListItem\",\"position\":3,\"name\":\"Chirurgie\",\"item\":\"https:\/\/www.medicalz.com\/fr\/categorie-produit\/chirurgie\/\"},{\"@type\":\"ListItem\",\"position\":4,\"name\":\"Chirurgie Visage\",\"item\":\"https:\/\/www.medicalz.com\/fr\/categorie-produit\/chirurgie\/chirurgie-visage\/\"},{\"@type\":\"ListItem\",\"position\":5,\"name\":\"VAN DE VEN COOLING FACEMASK\"}]},{\"@type\":\"WebSite\",\"@id\":\"https:\/\/www.medicalz.com\/fr\/#website\",\"url\":\"https:\/\/www.medicalz.com\/fr\/\",\"name\":\"Medical Z\",\"description\":\"Cr\u00e9ateur FRAN\u00c7AIS de v\u00eatements compressifs depuis 1981\",\"publisher\":{\"@id\":\"https:\/\/www.medicalz.com\/fr\/#organization\"},\"potentialAction\":[{\"@type\":\"SearchAction\",\"target\":{\"@type\":\"EntryPoint\",\"urlTemplate\":\"https:\/\/www.medicalz.com\/fr\/?s={search_term_string}\"},\"query-input\":{\"@type\":\"PropertyValueSpecification\",\"valueRequired\":true,\"valueName\":\"search_term_string\"}}],\"inLanguage\":\"fr-FR\"},{\"@type\":\"Organization\",\"@id\":\"https:\/\/www.medicalz.com\/fr\/#organization\",\"name\":\"MedicalZ\",\"url\":\"https:\/\/www.medicalz.com\/fr\/\",\"logo\":{\"@type\":\"ImageObject\",\"inLanguage\":\"fr-FR\",\"@id\":\"https:\/\/www.medicalz.com\/fr\/#\/schema\/logo\/image\/\",\"url\":\"https:\/\/www.medicalz.com\/wp-content\/uploads\/2021\/06\/logo-1.png\",\"contentUrl\":\"https:\/\/www.medicalz.com\/wp-content\/uploads\/2021\/06\/logo-1.png\",\"width\":400,\"height\":227,\"caption\":\"MedicalZ\"},\"image\":{\"@id\":\"https:\/\/www.medicalz.com\/fr\/#\/schema\/logo\/image\/\"},\"sameAs\":[\"https:\/\/www.facebook.com\/MedicalZFrance\/\",\"https:\/\/www.instagram.com\/medicalz_fr\/?hl=fr\",\"https:\/\/www.youtube.com\/channel\/UC7rGbkWBc15cA4pbHS99Vbg\"]}]}<\/script>\n<!-- \/ Yoast SEO plugin. -->","yoast_head_json":{"title":"VAN DE VEN COOLING FACEMASK &#8226; Medical Z","robots":{"index":"index","follow":"follow","max-snippet":"max-snippet:-1","max-image-preview":"max-image-preview:large","max-video-preview":"max-video-preview:-1"},"canonical":"https:\/\/www.medicalz.com\/fr\/produits\/van-de-ven-cooling-facemask\/","og_locale":"fr_FR","og_type":"article","og_title":"VAN DE VEN COOLING FACEMASK &#8226; Medical Z","og_description":"VAN DE VEN COOLING FACEMASK AC\/013Couleurs disponibles DescriptionLe\u00a0VAN DE VEN COOLING Facemask\u00a0est utilis\u00e9 apr\u00e8s une intervention chirurgicale du visage. Il est destin\u00e9 \u00e0 apporter un soutien aux tissus en les maintenant dans la position souhait\u00e9e. Il pr\u00e9vient l\u2019oed\u00e8me et la cr\u00e9ation de cicatrices hypertrophiques post-op\u00e9ratoires. Il est conseill\u00e9 de le porter autant que possible pendant [&hellip;]","og_url":"https:\/\/www.medicalz.com\/fr\/produits\/van-de-ven-cooling-facemask\/","og_site_name":"Medical Z","article_publisher":"https:\/\/www.facebook.com\/MedicalZFrance\/","article_modified_time":"2026-03-13T14:33:05+00:00","og_image":[{"width":792,"height":1024,"url":"https:\/\/www.medicalz.com\/wp-content\/uploads\/2021\/07\/AC013_FACEMASK_VANDEVEN_COOLING_34-792x1024.png","type":"image\/png"}],"schema":{"@context":"https:\/\/schema.org","@graph":[{"@type":"WebPage","@id":"https:\/\/www.medicalz.com\/fr\/produits\/van-de-ven-cooling-facemask\/","url":"https:\/\/www.medicalz.com\/fr\/produits\/van-de-ven-cooling-facemask\/","name":"VAN DE VEN COOLING FACEMASK &#8226; Medical Z","isPartOf":{"@id":"https:\/\/www.medicalz.com\/fr\/#website"},"primaryImageOfPage":{"@id":"https:\/\/www.medicalz.com\/fr\/produits\/van-de-ven-cooling-facemask\/#primaryimage"},"image":{"@id":"https:\/\/www.medicalz.com\/fr\/produits\/van-de-ven-cooling-facemask\/#primaryimage"},"thumbnailUrl":"https:\/\/www.medicalz.com\/wp-content\/uploads\/2021\/07\/AC013_FACEMASK_VANDEVEN_COOLING_34.png","datePublished":"2021-07-30T09:38:28+00:00","dateModified":"2026-03-13T14:33:05+00:00","breadcrumb":{"@id":"https:\/\/www.medicalz.com\/fr\/produits\/van-de-ven-cooling-facemask\/#breadcrumb"},"inLanguage":"fr-FR","potentialAction":[{"@type":"ReadAction","target":["https:\/\/www.medicalz.com\/fr\/produits\/van-de-ven-cooling-facemask\/"]}]},{"@type":"ImageObject","inLanguage":"fr-FR","@id":"https:\/\/www.medicalz.com\/fr\/produits\/van-de-ven-cooling-facemask\/#primaryimage","url":"https:\/\/www.medicalz.com\/wp-content\/uploads\/2021\/07\/AC013_FACEMASK_VANDEVEN_COOLING_34.png","contentUrl":"https:\/\/www.medicalz.com\/wp-content\/uploads\/2021\/07\/AC013_FACEMASK_VANDEVEN_COOLING_34.png","width":4912,"height":6350},{"@type":"BreadcrumbList","@id":"https:\/\/www.medicalz.com\/fr\/produits\/van-de-ven-cooling-facemask\/#breadcrumb","itemListElement":[{"@type":"ListItem","position":1,"name":"Principal","item":"https:\/\/www.medicalz.com\/fr\/accueil\/"},{"@type":"ListItem","position":2,"name":"Produits","item":"https:\/\/www.medicalz.com\/fr\/shop\/"},{"@type":"ListItem","position":3,"name":"Chirurgie","item":"https:\/\/www.medicalz.com\/fr\/categorie-produit\/chirurgie\/"},{"@type":"ListItem","position":4,"name":"Chirurgie Visage","item":"https:\/\/www.medicalz.com\/fr\/categorie-produit\/chirurgie\/chirurgie-visage\/"},{"@type":"ListItem","position":5,"name":"VAN DE VEN COOLING FACEMASK"}]},{"@type":"WebSite","@id":"https:\/\/www.medicalz.com\/fr\/#website","url":"https:\/\/www.medicalz.com\/fr\/","name":"Medical Z","description":"Cr\u00e9ateur FRAN\u00c7AIS de v\u00eatements compressifs depuis 1981","publisher":{"@id":"https:\/\/www.medicalz.com\/fr\/#organization"},"potentialAction":[{"@type":"SearchAction","target":{"@type":"EntryPoint","urlTemplate":"https:\/\/www.medicalz.com\/fr\/?s={search_term_string}"},"query-input":{"@type":"PropertyValueSpecification","valueRequired":true,"valueName":"search_term_string"}}],"inLanguage":"fr-FR"},{"@type":"Organization","@id":"https:\/\/www.medicalz.com\/fr\/#organization","name":"MedicalZ","url":"https:\/\/www.medicalz.com\/fr\/","logo":{"@type":"ImageObject","inLanguage":"fr-FR","@id":"https:\/\/www.medicalz.com\/fr\/#\/schema\/logo\/image\/","url":"https:\/\/www.medicalz.com\/wp-content\/uploads\/2021\/06\/logo-1.png","contentUrl":"https:\/\/www.medicalz.com\/wp-content\/uploads\/2021\/06\/logo-1.png","width":400,"height":227,"caption":"MedicalZ"},"image":{"@id":"https:\/\/www.medicalz.com\/fr\/#\/schema\/logo\/image\/"},"sameAs":["https:\/\/www.facebook.com\/MedicalZFrance\/","https:\/\/www.instagram.com\/medicalz_fr\/?hl=fr","https:\/\/www.youtube.com\/channel\/UC7rGbkWBc15cA4pbHS99Vbg"]}]}},"_links":{"self":[{"href":"https:\/\/www.medicalz.com\/fr\/wp-json\/wp\/v2\/product\/5285","targetHints":{"allow":["GET"]}}],"collection":[{"href":"https:\/\/www.medicalz.com\/fr\/wp-json\/wp\/v2\/product"}],"about":[{"href":"https:\/\/www.medicalz.com\/fr\/wp-json\/wp\/v2\/types\/product"}],"wp:featuredmedia":[{"embeddable":true,"href":"https:\/\/www.medicalz.com\/fr\/wp-json\/wp\/v2\/media\/5389"}],"wp:attachment":[{"href":"https:\/\/www.medicalz.com\/fr\/wp-json\/wp\/v2\/media?parent=5285"}],"wp:term":[{"taxonomy":"product_brand","embeddable":true,"href":"https:\/\/www.medicalz.com\/fr\/wp-json\/wp\/v2\/product_brand?post=5285"},{"taxonomy":"product_cat","embeddable":true,"href":"https:\/\/www.medicalz.com\/fr\/wp-json\/wp\/v2\/product_cat?post=5285"},{"taxonomy":"product_tag","embeddable":true,"href":"https:\/\/www.medicalz.com\/fr\/wp-json\/wp\/v2\/product_tag?post=5285"}],"curies":[{"name":"wp","href":"https:\/\/api.w.org\/{rel}","templated":true}]}}